{"id":296,"date":"2022-03-12T09:42:44","date_gmt":"2022-03-12T08:42:44","guid":{"rendered":"https:\/\/lara.vcd.org\/stuttgart\/?page_id=296"},"modified":"2023-05-21T16:16:44","modified_gmt":"2023-05-21T14:16:44","slug":"fahren-mit-dem-lara","status":"publish","type":"page","link":"https:\/\/lara.vcd.org\/stuttgart\/fahren-mit-dem-lara\/","title":{"rendered":"Fahren mit LaRa"},"content":{"rendered":"\n<div class=\"wp-block-group\"><div class=\"wp-block-group__inner-container is-layout-flow wp-block-group-is-layout-flow\">\n<figure class=\"wp-block-gallery aligncenter has-nested-images columns-default is-cropped wp-block-gallery-1 is-layout-flex wp-block-gallery-is-layout-flex\">\n<figure class=\"wp-block-image size-full is-style-default\"><img loading=\"lazy\" decoding=\"async\" width=\"400\" height=\"300\" src=\"https:\/\/lara.vcd.org\/stuttgart\/wp-content\/uploads\/sites\/2\/2022\/03\/MarlisAlnatura.jpg\" alt=\"\" class=\"wp-image-400\" srcset=\"https:\/\/lara.vcd.org\/stuttgart\/wp-content\/uploads\/sites\/2\/2022\/03\/MarlisAlnatura.jpg 400w, https:\/\/lara.vcd.org\/stuttgart\/wp-content\/uploads\/sites\/2\/2022\/03\/MarlisAlnatura-300x225.jpg 300w, https:\/\/lara.vcd.org\/stuttgart\/wp-content\/uploads\/sites\/2\/2022\/03\/MarlisAlnatura-60x45.jpg 60w, https:\/\/lara.vcd.org\/stuttgart\/wp-content\/uploads\/sites\/2\/2022\/03\/MarlisAlnatura-100x75.jpg 100w\" sizes=\"(max-width: 400px) 100vw, 400px\" \/><\/figure>\n\n\n\n<figure class=\"wp-block-image size-full is-style-default\"><img loading=\"lazy\" decoding=\"async\" width=\"300\" height=\"400\" src=\"https:\/\/lara.vcd.org\/stuttgart\/wp-content\/uploads\/sites\/2\/2022\/03\/SarahEsprit.jpeg\" alt=\"\" class=\"wp-image-401\" srcset=\"https:\/\/lara.vcd.org\/stuttgart\/wp-content\/uploads\/sites\/2\/2022\/03\/SarahEsprit.jpeg 300w, https:\/\/lara.vcd.org\/stuttgart\/wp-content\/uploads\/sites\/2\/2022\/03\/SarahEsprit-225x300.jpeg 225w, https:\/\/lara.vcd.org\/stuttgart\/wp-content\/uploads\/sites\/2\/2022\/03\/SarahEsprit-45x60.jpeg 45w, https:\/\/lara.vcd.org\/stuttgart\/wp-content\/uploads\/sites\/2\/2022\/03\/SarahEsprit-75x100.jpeg 75w\" sizes=\"(max-width: 300px) 100vw, 300px\" \/><\/figure>\n\n\n\n<figure class=\"wp-block-image size-full is-style-default\"><img loading=\"lazy\" decoding=\"async\" width=\"400\" height=\"300\" src=\"https:\/\/lara.vcd.org\/stuttgart\/wp-content\/uploads\/sites\/2\/2022\/03\/Soeren.jpeg\" alt=\"\" class=\"wp-image-397\" srcset=\"https:\/\/lara.vcd.org\/stuttgart\/wp-content\/uploads\/sites\/2\/2022\/03\/Soeren.jpeg 400w, https:\/\/lara.vcd.org\/stuttgart\/wp-content\/uploads\/sites\/2\/2022\/03\/Soeren-300x225.jpeg 300w, https:\/\/lara.vcd.org\/stuttgart\/wp-content\/uploads\/sites\/2\/2022\/03\/Soeren-60x45.jpeg 60w, https:\/\/lara.vcd.org\/stuttgart\/wp-content\/uploads\/sites\/2\/2022\/03\/Soeren-100x75.jpeg 100w\" sizes=\"(max-width: 400px) 100vw, 400px\" \/><\/figure>\n\n\n\n<figure class=\"wp-block-image size-full is-style-default\"><img loading=\"lazy\" decoding=\"async\" width=\"400\" height=\"300\" src=\"https:\/\/lara.vcd.org\/stuttgart\/wp-content\/uploads\/sites\/2\/2022\/03\/Soeren-1.jpg\" alt=\"\" class=\"wp-image-418\" srcset=\"https:\/\/lara.vcd.org\/stuttgart\/wp-content\/uploads\/sites\/2\/2022\/03\/Soeren-1.jpg 400w, https:\/\/lara.vcd.org\/stuttgart\/wp-content\/uploads\/sites\/2\/2022\/03\/Soeren-1-300x225.jpg 300w, https:\/\/lara.vcd.org\/stuttgart\/wp-content\/uploads\/sites\/2\/2022\/03\/Soeren-1-60x45.jpg 60w, https:\/\/lara.vcd.org\/stuttgart\/wp-content\/uploads\/sites\/2\/2022\/03\/Soeren-1-100x75.jpg 100w\" sizes=\"(max-width: 400px) 100vw, 400px\" \/><\/figure>\n\n\n\n<figure class=\"wp-block-image size-full is-style-default\"><img loading=\"lazy\" decoding=\"async\" width=\"395\" height=\"300\" src=\"https:\/\/lara.vcd.org\/stuttgart\/wp-content\/uploads\/sites\/2\/2022\/03\/Steffi.jpg\" alt=\"\" class=\"wp-image-398\" srcset=\"https:\/\/lara.vcd.org\/stuttgart\/wp-content\/uploads\/sites\/2\/2022\/03\/Steffi.jpg 395w, https:\/\/lara.vcd.org\/stuttgart\/wp-content\/uploads\/sites\/2\/2022\/03\/Steffi-300x228.jpg 300w, https:\/\/lara.vcd.org\/stuttgart\/wp-content\/uploads\/sites\/2\/2022\/03\/Steffi-60x46.jpg 60w, https:\/\/lara.vcd.org\/stuttgart\/wp-content\/uploads\/sites\/2\/2022\/03\/Steffi-100x76.jpg 100w\" sizes=\"(max-width: 395px) 100vw, 395px\" \/><\/figure>\n<\/figure>\n<\/div><\/div>\n\n\n\n<p>Ein Lastenrad zu fahren, ist erst mal ungewohnt. Auf folgende Besonderheiten solltest du achten:<\/p>\n\n\n\n<h3 class=\"wp-block-heading alignwide\">EINSCHALTEN<\/h3>\n\n\n<div class=\"wp-block-image\">\n<figure class=\"alignright size-full\"><img loading=\"lazy\" decoding=\"async\" width=\"200\" height=\"151\" src=\"https:\/\/lara.vcd.org\/stuttgart\/wp-content\/uploads\/sites\/2\/2022\/03\/BoardComputer-200.jpg\" alt=\"\" class=\"wp-image-343\" srcset=\"https:\/\/lara.vcd.org\/stuttgart\/wp-content\/uploads\/sites\/2\/2022\/03\/BoardComputer-200.jpg 200w, https:\/\/lara.vcd.org\/stuttgart\/wp-content\/uploads\/sites\/2\/2022\/03\/BoardComputer-200-60x45.jpg 60w, https:\/\/lara.vcd.org\/stuttgart\/wp-content\/uploads\/sites\/2\/2022\/03\/BoardComputer-200-100x76.jpg 100w\" sizes=\"(max-width: 200px) 100vw, 200px\" \/><figcaption class=\"wp-element-caption\">Boardcomputer<\/figcaption><\/figure><\/div>\n\n\n<p>Oben am Boardcomputer ist eine Taste, die kurz (bis zu einer Sekunde) gedr\u00fcckt werden muss.<\/p>\n\n\n\n<p>Fahrradbeleuchtung einschalten: Plus (+) Taste mindestens eine Sekunde dr\u00fccken<\/p>\n\n\n\n<p>Fahrradbeleuchtung ausschalten: Plus (+) Taste mindestens 2,5 Sekunden dr\u00fccken<\/p>\n\n\n\n<figure class=\"wp-block-image size-full\"><img loading=\"lazy\" decoding=\"async\" width=\"200\" height=\"266\" src=\"https:\/\/lara.vcd.org\/stuttgart\/wp-content\/uploads\/sites\/2\/2022\/03\/BC.png\" alt=\"\" class=\"wp-image-345\" srcset=\"https:\/\/lara.vcd.org\/stuttgart\/wp-content\/uploads\/sites\/2\/2022\/03\/BC.png 200w, https:\/\/lara.vcd.org\/stuttgart\/wp-content\/uploads\/sites\/2\/2022\/03\/BC-45x60.png 45w, https:\/\/lara.vcd.org\/stuttgart\/wp-content\/uploads\/sites\/2\/2022\/03\/BC-75x100.png 75w\" sizes=\"(max-width: 200px) 100vw, 200px\" \/><\/figure>\n\n\n\n<p>Hier findest du die komplette Anleitung: <a href=\"https:\/\/www.r-m.de\/media\/filer_public\/2d\/fd\/2dfd4b6c-6ce0-4aaa-ae47-e745fd17d901\/bui215_purion_my21_weu.pdf\">Dokumentation<\/a>.<\/p>\n\n\n\n<h3 class=\"wp-block-heading alignwide\">MOTORUNTERST\u00dcTZUNG<\/h3>\n\n\n\n<p>Wenn du den Bordcomputer einschaltest, ist die Unterst\u00fctzung auf der zuletzt eingestellten Stufe.<\/p>\n\n\n\n<p>\u00dcber das Plus (+) und Minus (-) kannst nacheinander in f\u00fcnf Stufen wechseln:<\/p>\n\n\n\n<ul>\n<li>OFF<\/li>\n\n\n\n<li>ECO<\/li>\n\n\n\n<li>TOUR<\/li>\n\n\n\n<li>SPORT<\/li>\n\n\n\n<li>TURBO<\/li>\n<\/ul>\n\n\n\n<p>Bei 25 km\/h schaltet sich die Unterst\u00fctzung ab. Das ist f\u00fcr Pedelecs gesetzlich vorgeschrieben.<\/p>\n\n\n\n<p>Au\u00dferdem gibt es eine Schiebehilfe, der Schalter befindet sich auf der unteren Seite des Boardcomputers<\/p>\n\n\n\n<figure class=\"wp-block-image size-full\"><img loading=\"lazy\" decoding=\"async\" width=\"200\" height=\"160\" src=\"https:\/\/lara.vcd.org\/stuttgart\/wp-content\/uploads\/sites\/2\/2022\/03\/walk.png\" alt=\"\" class=\"wp-image-348\" srcset=\"https:\/\/lara.vcd.org\/stuttgart\/wp-content\/uploads\/sites\/2\/2022\/03\/walk.png 200w, https:\/\/lara.vcd.org\/stuttgart\/wp-content\/uploads\/sites\/2\/2022\/03\/walk-60x48.png 60w, https:\/\/lara.vcd.org\/stuttgart\/wp-content\/uploads\/sites\/2\/2022\/03\/walk-100x80.png 100w\" sizes=\"(max-width: 200px) 100vw, 200px\" \/><\/figure>\n\n\n\n<h3 class=\"wp-block-heading alignwide\">LICHT<\/h3>\n\n\n\n<p>Das Licht ist beim Anschalten an, du kannst es \u00fcber die Plus(+) Taste einschalten, wenn du zwischen 1 und 2,5 Sekunden dr\u00fcckst, zum Ausschalten musst du l\u00e4nger als 2,5 Sekunden auf die Plus (+) Taste dr\u00fccken.<\/p>\n\n\n\n<p>Das Licht ist an, wenn im Display ein entsprechendes Symbol erscheint. (links neben dem Akku Ladestand)<\/p>\n\n\n\n<h3 class=\"wp-block-heading alignwide\">GLEICHGEWICHT<\/h3>\n\n\n\n<p>Wenn du losf\u00e4hrst, schau nicht auf das Vorderrad. Schau lieber auf die Stra\u00dfe. Denn durch den langen Radstand irritiert dich der Blick aufs Rad.<\/p>\n\n\n\n<h3 class=\"wp-block-heading alignwide\">SATTELH\u00d6HE EINSTELLEN<\/h3>\n\n\n<div class=\"wp-block-image\">\n<figure class=\"alignleft size-full\"><img loading=\"lazy\" decoding=\"async\" width=\"200\" height=\"150\" src=\"https:\/\/lara.vcd.org\/stuttgart\/wp-content\/uploads\/sites\/2\/2022\/03\/sattel-200.jpg\" alt=\"\" class=\"wp-image-363\" srcset=\"https:\/\/lara.vcd.org\/stuttgart\/wp-content\/uploads\/sites\/2\/2022\/03\/sattel-200.jpg 200w, https:\/\/lara.vcd.org\/stuttgart\/wp-content\/uploads\/sites\/2\/2022\/03\/sattel-200-60x45.jpg 60w, https:\/\/lara.vcd.org\/stuttgart\/wp-content\/uploads\/sites\/2\/2022\/03\/sattel-200-100x75.jpg 100w\" sizes=\"(max-width: 200px) 100vw, 200px\" \/><\/figure><\/div>\n\n\n<p>Die Sattelh\u00f6he kann ohne Werkzeug eingestellt werden. Dazu kannst du den Schnellspann-Hebel an der Stattelstange \u00f6ffnen und den Sattel in die gew\u00fcnschte H\u00f6he verschieben und wieder fest schlie\u00dfen.<\/p>\n\n\n\n<p>Der Sattel hat die richtige H\u00f6he, wenn du bequem noch mit den Zehenspitzen auf den Boden kommst.<\/p>\n\n\n\n<p>Stelle ihn ein bevor du losf\u00e4hrst.<\/p>\n\n\n\n<h3 class=\"wp-block-heading alignwide\">ST\u00c4NDER HOCHKLAPPEN (ZUM LOSFAHREN)<\/h3>\n\n\n<div class=\"wp-block-image\">\n<figure class=\"alignleft size-full\"><img loading=\"lazy\" decoding=\"async\" width=\"200\" height=\"200\" src=\"https:\/\/lara.vcd.org\/stuttgart\/wp-content\/uploads\/sites\/2\/2022\/03\/staender.jpg\" alt=\"\" class=\"wp-image-349\" srcset=\"https:\/\/lara.vcd.org\/stuttgart\/wp-content\/uploads\/sites\/2\/2022\/03\/staender.jpg 200w, https:\/\/lara.vcd.org\/stuttgart\/wp-content\/uploads\/sites\/2\/2022\/03\/staender-150x150.jpg 150w, https:\/\/lara.vcd.org\/stuttgart\/wp-content\/uploads\/sites\/2\/2022\/03\/staender-60x60.jpg 60w, https:\/\/lara.vcd.org\/stuttgart\/wp-content\/uploads\/sites\/2\/2022\/03\/staender-100x100.jpg 100w\" sizes=\"(max-width: 200px) 100vw, 200px\" \/><\/figure><\/div>\n\n\n<p>Um den St\u00e4nder hochzuklappen, am besten links vom Rad stehen. Mit beiden H\u00e4nden am Lenker das Rad nach vorne schieben.<\/p>\n\n\n\n<p><strong>St\u00e4nder runterklappen (Rad aufbocken)<\/strong><\/p>\n\n\n\n<p>Mit der Fu\u00dfspitze den St\u00e4nder am Boden festhalten. Das Rad zur\u00fcckziehen. <br><br>Tipp: Wenn du den Fu\u00df auf den St\u00e4nder stellst, wird das zur\u00fcckziehen viel einfacher.<\/p>\n\n\n\n<h3 class=\"wp-block-heading alignwide\">GANGSCHALTUNG<\/h3>\n\n\n\n<figure class=\"wp-block-image size-large is-resized\"><img loading=\"lazy\" decoding=\"async\" src=\"https:\/\/lara.vcd.org\/stuttgart\/wp-content\/uploads\/sites\/2\/2022\/03\/BoardComputer-1024x772.jpg\" alt=\"\" class=\"wp-image-342\" width=\"206\" height=\"155\" srcset=\"https:\/\/lara.vcd.org\/stuttgart\/wp-content\/uploads\/sites\/2\/2022\/03\/BoardComputer-1024x772.jpg 1024w, https:\/\/lara.vcd.org\/stuttgart\/wp-content\/uploads\/sites\/2\/2022\/03\/BoardComputer-300x226.jpg 300w, https:\/\/lara.vcd.org\/stuttgart\/wp-content\/uploads\/sites\/2\/2022\/03\/BoardComputer-768x579.jpg 768w, https:\/\/lara.vcd.org\/stuttgart\/wp-content\/uploads\/sites\/2\/2022\/03\/BoardComputer-1536x1157.jpg 1536w, https:\/\/lara.vcd.org\/stuttgart\/wp-content\/uploads\/sites\/2\/2022\/03\/BoardComputer-2048x1543.jpg 2048w, https:\/\/lara.vcd.org\/stuttgart\/wp-content\/uploads\/sites\/2\/2022\/03\/BoardComputer-60x45.jpg 60w, https:\/\/lara.vcd.org\/stuttgart\/wp-content\/uploads\/sites\/2\/2022\/03\/BoardComputer-100x75.jpg 100w\" sizes=\"(max-width: 206px) 100vw, 206px\" \/><\/figure>\n\n\n\n<p>\u00dcber die Plus (+) und Minus (-) Tasten kannst Du 5 Stufen \u00fcber den Boardcomputer (links) einstellen. Zus\u00e4tzlich kannst du rechts \u00fcber eine stufenlose Unterst\u00fctzung, die unabh\u00e4ngig vom Strom ist, das Fahren erleichtern. Das ist besonders n\u00fctzlich, sollte der Akku einmal leer sein. Ungewohnt ist vielleicht, dass das Fahren leichter wird, dreht man den Griff von sich weg.<\/p>\n\n\n\n<h3 class=\"wp-block-heading alignwide\">BREMSEN<\/h3>\n\n\n\n<p>Rechter Griff = Hinterradbremse<br>Linker Griff = Vorderradbremse<\/p>\n\n\n\n<p>Das Rad hat sowohl vorne als auch hinten Scheibenbremsen.<\/p>\n\n\n\n<h3 class=\"wp-block-heading alignwide\">AKKU<\/h3>\n\n\n\n<p>Der Akku sollte behandelt werden wie ein rohes Ei. Wenn er runterf\u00e4llt, kann es sein, dass er kaputt geht. Dann sind 600 EUR f\u00fcr einen neuen Akku f\u00e4llig.<\/p>\n\n\n\n<p>Das Lastenrad kann zwei Akkus mitf\u00fchren, so dass die Reichweite auch mit gef\u00fclltem Korb kein Problem ist. Die Akkus werden gleichm\u00e4\u00dfig automatisch entleert.<\/p>\n\n\n\n<h3 class=\"wp-block-heading alignwide\">RAD ABSCHLIESSEN<\/h3>\n\n\n\n<p>Das Rad hat ein einfach zu bet\u00e4tigendes Rahmenschloss. Die Versicherungsbedingungen schreiben vor, dass das Rad zus\u00e4tzlich an einem festen Gegenstand angeschlossen werden muss.<\/p>\n\n\n\n<p>Deshalb gibt es in der kleinen Tasche an der R\u00fcckseite des Sattels eine Kette.<\/p>\n\n\n\n<p>Die Kette wird zun\u00e4chst um den festen Gegenstand herumgeschlungen, dann wie ein G\u00fcrtel durch die \u00d6se gezogen, und in das Rahmenschloss eingesteckt.<\/p>\n\n\n\n<p>Vergiss beim Aufschlie\u00dfen nicht, die Kette mitzunehmen.<\/p>\n\n\n\n<h3 class=\"wp-block-heading alignwide\">RANGIEREN<\/h3>\n\n\n\n<p>Am Gep\u00e4cktr\u00e4ger ist ein Griff zum Hochheben des Lastenrads, damit leichter rangiert werden kann. Bitte nicht am Sattel hochheben!<\/p>\n\n\n\n<h3 class=\"wp-block-heading alignwide\">KINDER TRANSPORTIEREN<\/h3>\n\n\n<div class=\"wp-block-image\">\n<figure class=\"alignright size-full\"><img loading=\"lazy\" decoding=\"async\" width=\"300\" height=\"220\" src=\"https:\/\/lara.vcd.org\/stuttgart\/wp-content\/uploads\/sites\/2\/2022\/03\/kindersitze300.jpeg\" alt=\"\" class=\"wp-image-390\" srcset=\"https:\/\/lara.vcd.org\/stuttgart\/wp-content\/uploads\/sites\/2\/2022\/03\/kindersitze300.jpeg 300w, https:\/\/lara.vcd.org\/stuttgart\/wp-content\/uploads\/sites\/2\/2022\/03\/kindersitze300-60x44.jpeg 60w, https:\/\/lara.vcd.org\/stuttgart\/wp-content\/uploads\/sites\/2\/2022\/03\/kindersitze300-100x73.jpeg 100w\" sizes=\"(max-width: 300px) 100vw, 300px\" \/><\/figure><\/div>\n\n\n<p>Bis zu zwei Kinder lassen sich transportieren. Die StVO erlaubt den Personentransport bis zu einem Alter von einschlie\u00dflich sechs Jahren.<\/p>\n\n\n\n<p>Sitze runterklappen, Kinder anschnallen \u2013 das geht alles sehr einfach und selbsterkl\u00e4rend.<\/p>\n\n\n\n<h3 class=\"wp-block-heading alignwide\">AM BORDCOMPUTER RUMSPIELEN<\/h3>\n\n\n\n<p>.. bitte nicht! Mit der oberen Lenker-Taste kannst du verschiedene Anzeigen durchschalten. Bitte keine Einstellungen ver\u00e4ndern.<\/p>\n\n\n\n<h3 class=\"wp-block-heading alignwide\">DIEBSTAHLSCHUTZ<\/h3>\n\n\n\n<p>Bitte immer mit der Kette abschlie\u00dfen, dann ist das Rad auch gegen Diebstahl versichert. Die R\u00e4der haben au\u00dferdem einen GPS Sensor, so dass sie im Falle des Diebstahls geortet werden k\u00f6nnen.<\/p>\n\n\n\n<p>Die Regenplane ist fest mit dem Rad verbunden.<\/p>\n","protected":false},"excerpt":{"rendered":"<p>Ein Lastenrad zu fahren, ist erst mal ungewohnt. Auf folgende Besonderheiten solltest du achten: EINSCHALTEN Oben am Boardcomputer ist eine Taste, die kurz (bis zu einer Sekunde) gedr\u00fcckt werden muss. Fahrradbeleuchtung einschalten: Plus (+) Taste mindestens eine Sekunde dr\u00fccken Fahrradbeleuchtung ausschalten: Plus (+) Taste mindestens 2,5 Sekunden dr\u00fccken Hier findest du die komplette Anleitung: Dokumentation.&hellip;&nbsp;<a href=\"https:\/\/lara.vcd.org\/stuttgart\/fahren-mit-dem-lara\/\" class=\"\" rel=\"bookmark\">Weiterlesen &raquo;<span class=\"screen-reader-text\">Fahren mit LaRa<\/span><\/a><\/p>\n","protected":false},"author":1,"featured_media":0,"parent":0,"menu_order":0,"comment_status":"closed","ping_status":"closed","template":"","meta":{"neve_meta_sidebar":"","neve_meta_container":"","neve_meta_enable_content_width":"","neve_meta_content_width":0,"neve_meta_title_alignment":"","neve_meta_author_avatar":"","neve_post_elements_order":"","neve_meta_disable_header":"","neve_meta_disable_footer":"","neve_meta_disable_title":"","footnotes":""},"_links":{"self":[{"href":"https:\/\/lara.vcd.org\/stuttgart\/wp-json\/wp\/v2\/pages\/296"}],"collection":[{"href":"https:\/\/lara.vcd.org\/stuttgart\/wp-json\/wp\/v2\/pages"}],"about":[{"href":"https:\/\/lara.vcd.org\/stuttgart\/wp-json\/wp\/v2\/types\/page"}],"author":[{"embeddable":true,"href":"https:\/\/lara.vcd.org\/stuttgart\/wp-json\/wp\/v2\/users\/1"}],"replies":[{"embeddable":true,"href":"https:\/\/lara.vcd.org\/stuttgart\/wp-json\/wp\/v2\/comments?post=296"}],"version-history":[{"count":32,"href":"https:\/\/lara.vcd.org\/stuttgart\/wp-json\/wp\/v2\/pages\/296\/revisions"}],"predecessor-version":[{"id":1077,"href":"https:\/\/lara.vcd.org\/stuttgart\/wp-json\/wp\/v2\/pages\/296\/revisions\/1077"}],"wp:attachment":[{"href":"https:\/\/lara.vcd.org\/stuttgart\/wp-json\/wp\/v2\/media?parent=296"}],"curies":[{"name":"wp","href":"https:\/\/api.w.org\/{rel}","templated":true}]}}